{"id":6280,"date":"2025-07-25T09:43:08","date_gmt":"2025-07-25T09:43:08","guid":{"rendered":"https:\/\/www.fondation-louisroederer.com\/?post_type=artiste&#038;p=6280"},"modified":"2025-07-25T09:49:28","modified_gmt":"2025-07-25T09:49:28","slug":"francois-xavier-gbre","status":"publish","type":"artiste","link":"https:\/\/www.fondation-louisroederer.com\/en\/artist\/francois-xavier-gbre\/","title":{"rendered":"Fran\u00e7ois-Xavier Gbr\u00e9"},"content":{"rendered":"    <section class=\"block-titre-parag bg-white layout-pad-small-y  pb-big pt-small\">\n\n        <div class=\"container \">\n            <div class=\"layout-pad-x \">\n                <div class=\"w-50-desktop\">\n                                    <\/div>\n\n                <div class=\"w-50-desktop\">\n                                                                        <div class=\"\">\n                                <p>Born in Lille in 1978.<br \/>\nLives and works in C\u00f4te d&#8217;Ivoire and France.<\/p>\n<p>In touch with time and geography, Fran\u00e7ois-Xavier Gbr\u00e9&#8217;s work uses the language of architecture as a witness to memory and social change. From colonial vestiges to landscapes redefined by current events, he explores territories and revisits history. The constant dialogue with his environment is reflected in the form of meticulous installations, a veritable investigation of the territory, or through a site-specific presentation in which photography resonates in a physical relationship with the viewer.<\/p>\n                            <\/div>\n                                                                                        <\/div>\n            <\/div>\n        <\/div>\n\n\n\n    <\/section>\n\n\n\n    <section class=\"block-media bg-white layout-pad-y pt-small pb-small  not-single-auteur\">\n    \n    <div class=\"container\">\n                <div class=\"layout-pad-x layout-pad-big-x\">\n                                              <div class=\"swiper swiper-media\">\n                <div class=\"swiper-wrapper\">\n                                      <div class=\"swiper-slide\">\n                                              <img decoding=\"async\" width=\"1063\" height=\"797\" src=\"https:\/\/www.fondation-louisroederer.com\/wp-content\/uploads\/2025\/07\/13-RCI-Abidjan-129.jpg\" class=\"attachment-full size-full\" alt=\"fondation-louis-roederer-les-rencontres-de-la-photographie-arles-2020-prix-decouverte\" srcset=\"https:\/\/www.fondation-louisroederer.com\/wp-content\/uploads\/2025\/07\/13-RCI-Abidjan-129.jpg 1063w, https:\/\/www.fondation-louisroederer.com\/wp-content\/uploads\/2025\/07\/13-RCI-Abidjan-129-300x225.jpg 300w, https:\/\/www.fondation-louisroederer.com\/wp-content\/uploads\/2025\/07\/13-RCI-Abidjan-129-1024x768.jpg 1024w, https:\/\/www.fondation-louisroederer.com\/wp-content\/uploads\/2025\/07\/13-RCI-Abidjan-129-768x576.jpg 768w\" sizes=\"(max-width: 1063px) 100vw, 1063px\" \/>                                                  <p class=\"credit-txt\">\u00a9 Fran\u00e7ois-Xavier Gbr\u00e9, Cite\u0301 Sinacaci #1, Akou\u00e9do, Cocody, Abidjan, 2013. Courtesy de l\u2019artiste et de la Galerie C\u00e9cile Fakhoury (Abidjan, Dakar, Paris).<\/p>\n                                                                  <\/div>\n                                      <div class=\"swiper-slide\">\n                                              <img decoding=\"async\" width=\"1063\" height=\"797\" src=\"https:\/\/www.fondation-louisroederer.com\/wp-content\/uploads\/2025\/07\/14-RCI-057.jpg\" class=\"attachment-full size-full\" alt=\"fondation-louis-roederer-les-rencontres-de-la-photographie-arles-2020-prix-decouverte\" srcset=\"https:\/\/www.fondation-louisroederer.com\/wp-content\/uploads\/2025\/07\/14-RCI-057.jpg 1063w, https:\/\/www.fondation-louisroederer.com\/wp-content\/uploads\/2025\/07\/14-RCI-057-300x225.jpg 300w, https:\/\/www.fondation-louisroederer.com\/wp-content\/uploads\/2025\/07\/14-RCI-057-1024x768.jpg 1024w, https:\/\/www.fondation-louisroederer.com\/wp-content\/uploads\/2025\/07\/14-RCI-057-768x576.jpg 768w\" sizes=\"(max-width: 1063px) 100vw, 1063px\" \/>                                                  <p class=\"credit-txt\">\u00a9 Fran\u00e7ois-Xavier Gbr\u00e9, Piscine #1, Universit\u00e9 F\u00e9lix-Houphou\u00ebt-Boigny, Cocody, Abidjan, 2014. Courtesy de l\u2019artiste et de la Galerie C\u00e9cile Fakhoury (Abidjan, Dakar, Paris).<\/p>\n                                                                  <\/div>\n                                  <\/div>\n                <!-- If we need pagination -->\n                <div class=\"swiper-pagination\"><\/div>\n\n                <!-- If we need navigation buttons -->\n                <div class=\"custom-prev-button swiper-button-prev\"><svg width=\" 12\" height=\"12\" viewBox=\"0 0 12 12\" fill=\"none\" xmlns=\"http:\/\/www.w3.org\/2000\/svg\">\n                    <path d=\"M2.871 5.25H12V6.75H2.871L6.894 10.773L5.8335 11.8335L0 6L5.8335 0.166504L6.894 1.227L2.871 5.25Z\" fill=\"black\" \/>\n                  <\/svg>\n                <\/div>\n                <div class=\"custom-prev-button swiper-button-next\"><svg width=\"12\" height=\"12\" viewBox=\"0 0 12 12\" fill=\"none\" xmlns=\"http:\/\/www.w3.org\/2000\/svg\">\n                    <path d=\"M9.129 5.25L5.106 1.227L6.1665 0.166504L12 6L6.1665 11.8335L5.106 10.773L9.129 6.75H0V5.25H9.129Z\" fill=\"black\" \/>\n                  <\/svg>\n                <\/div>\n              <\/div>\n                                <\/div>\n\n        <\/div>\n\n\n    <\/section>","protected":false},"excerpt":{"rendered":"","protected":false},"featured_media":6282,"template":"","meta":{"_acf_changed":true},"annee":[],"domaine":[194],"pays":[165,234,138],"thematique":[156],"class_list":["post-6280","artiste","type-artiste","status-publish","has-post-thumbnail","hentry","domaine-photography-en","pays-africa","pays-afrique-en","pays-europe-en","thematique-memoire-en"],"acf":[],"yoast_head":"<!-- This site is optimized with the Yoast SEO plugin v26.9 - https:\/\/yoast.com\/product\/yoast-seo-wordpress\/ -->\n<title>Fran\u00e7ois-Xavier Gbr\u00e9 - Fondation Louis Roederer<\/title>\n<meta name=\"robots\" content=\"index, follow, max-snippet:-1, max-image-preview:large, max-video-preview:-1\" \/>\n<link rel=\"canonical\" href=\"https:\/\/www.fondation-louisroederer.com\/en\/artiste\/francois-xavier-gbre\/\" \/>\n<meta property=\"og:locale\" content=\"en_US\" \/>\n<meta property=\"og:type\" content=\"article\" \/>\n<meta property=\"og:title\" content=\"Fran\u00e7ois-Xavier Gbr\u00e9 - Fondation Louis Roederer\" \/>\n<meta property=\"og:url\" content=\"https:\/\/www.fondation-louisroederer.com\/en\/artiste\/francois-xavier-gbre\/\" \/>\n<meta property=\"og:site_name\" content=\"Fondation Louis Roederer\" \/>\n<meta property=\"article:modified_time\" content=\"2025-07-25T09:49:28+00:00\" \/>\n<meta property=\"og:image\" content=\"https:\/\/www.fondation-louisroederer.com\/wp-content\/uploads\/2025\/07\/Portrait_Basu-scaled.jpg\" \/>\n\t<meta property=\"og:image:width\" content=\"1638\" \/>\n\t<meta property=\"og:image:height\" content=\"2048\" \/>\n\t<meta property=\"og:image:type\" content=\"image\/jpeg\" \/>\n<meta name=\"twitter:card\" content=\"summary_large_image\" \/>\n<meta name=\"twitter:label1\" content=\"Est. reading time\" \/>\n\t<meta name=\"twitter:data1\" content=\"1 minute\" \/>\n<script type=\"application\/ld+json\" class=\"yoast-schema-graph\">{\"@context\":\"https:\/\/schema.org\",\"@graph\":[{\"@type\":\"WebPage\",\"@id\":\"https:\/\/www.fondation-louisroederer.com\/en\/artiste\/francois-xavier-gbre\/\",\"url\":\"https:\/\/www.fondation-louisroederer.com\/en\/artiste\/francois-xavier-gbre\/\",\"name\":\"Fran\u00e7ois-Xavier Gbr\u00e9 - Fondation Louis Roederer\",\"isPartOf\":{\"@id\":\"https:\/\/www.fondation-louisroederer.com\/en\/#website\"},\"primaryImageOfPage\":{\"@id\":\"https:\/\/www.fondation-louisroederer.com\/en\/artiste\/francois-xavier-gbre\/#primaryimage\"},\"image\":{\"@id\":\"https:\/\/www.fondation-louisroederer.com\/en\/artiste\/francois-xavier-gbre\/#primaryimage\"},\"thumbnailUrl\":\"https:\/\/www.fondation-louisroederer.com\/wp-content\/uploads\/2025\/07\/Portrait_Basu-scaled.jpg\",\"datePublished\":\"2025-07-25T09:43:08+00:00\",\"dateModified\":\"2025-07-25T09:49:28+00:00\",\"breadcrumb\":{\"@id\":\"https:\/\/www.fondation-louisroederer.com\/en\/artiste\/francois-xavier-gbre\/#breadcrumb\"},\"inLanguage\":\"en-US\",\"potentialAction\":[{\"@type\":\"ReadAction\",\"target\":[\"https:\/\/www.fondation-louisroederer.com\/en\/artiste\/francois-xavier-gbre\/\"]}]},{\"@type\":\"ImageObject\",\"inLanguage\":\"en-US\",\"@id\":\"https:\/\/www.fondation-louisroederer.com\/en\/artiste\/francois-xavier-gbre\/#primaryimage\",\"url\":\"https:\/\/www.fondation-louisroederer.com\/wp-content\/uploads\/2025\/07\/Portrait_Basu-scaled.jpg\",\"contentUrl\":\"https:\/\/www.fondation-louisroederer.com\/wp-content\/uploads\/2025\/07\/Portrait_Basu-scaled.jpg\",\"width\":1638,\"height\":2048},{\"@type\":\"BreadcrumbList\",\"@id\":\"https:\/\/www.fondation-louisroederer.com\/en\/artiste\/francois-xavier-gbre\/#breadcrumb\",\"itemListElement\":[{\"@type\":\"ListItem\",\"position\":1,\"name\":\"Home\",\"item\":\"https:\/\/www.fondation-louisroederer.com\/en\/\"},{\"@type\":\"ListItem\",\"position\":2,\"name\":\"Artistes\",\"item\":\"https:\/\/www.fondation-louisroederer.com\/artiste\/\"},{\"@type\":\"ListItem\",\"position\":3,\"name\":\"Fran\u00e7ois-Xavier Gbr\u00e9\"}]},{\"@type\":\"WebSite\",\"@id\":\"https:\/\/www.fondation-louisroederer.com\/en\/#website\",\"url\":\"https:\/\/www.fondation-louisroederer.com\/en\/\",\"name\":\"Fondation Louis Roederer\",\"description\":\"\",\"publisher\":{\"@id\":\"https:\/\/www.fondation-louisroederer.com\/en\/#organization\"},\"potentialAction\":[{\"@type\":\"SearchAction\",\"target\":{\"@type\":\"EntryPoint\",\"urlTemplate\":\"https:\/\/www.fondation-louisroederer.com\/en\/?s={search_term_string}\"},\"query-input\":{\"@type\":\"PropertyValueSpecification\",\"valueRequired\":true,\"valueName\":\"search_term_string\"}}],\"inLanguage\":\"en-US\"},{\"@type\":\"Organization\",\"@id\":\"https:\/\/www.fondation-louisroederer.com\/en\/#organization\",\"name\":\"Fondation Louis Roederer\",\"url\":\"https:\/\/www.fondation-louisroederer.com\/en\/\",\"logo\":{\"@type\":\"ImageObject\",\"inLanguage\":\"en-US\",\"@id\":\"https:\/\/www.fondation-louisroederer.com\/en\/#\/schema\/logo\/image\/\",\"url\":\"https:\/\/www.fondation-louisroederer.com\/wp-content\/uploads\/2024\/10\/logo.svg\",\"contentUrl\":\"https:\/\/www.fondation-louisroederer.com\/wp-content\/uploads\/2024\/10\/logo.svg\",\"width\":301,\"height\":72,\"caption\":\"Fondation Louis Roederer\"},\"image\":{\"@id\":\"https:\/\/www.fondation-louisroederer.com\/en\/#\/schema\/logo\/image\/\"}}]}<\/script>\n<!-- \/ Yoast SEO plugin. -->","yoast_head_json":{"title":"Fran\u00e7ois-Xavier Gbr\u00e9 - Fondation Louis Roederer","robots":{"index":"index","follow":"follow","max-snippet":"max-snippet:-1","max-image-preview":"max-image-preview:large","max-video-preview":"max-video-preview:-1"},"canonical":"https:\/\/www.fondation-louisroederer.com\/en\/artiste\/francois-xavier-gbre\/","og_locale":"en_US","og_type":"article","og_title":"Fran\u00e7ois-Xavier Gbr\u00e9 - Fondation Louis Roederer","og_url":"https:\/\/www.fondation-louisroederer.com\/en\/artiste\/francois-xavier-gbre\/","og_site_name":"Fondation Louis Roederer","article_modified_time":"2025-07-25T09:49:28+00:00","og_image":[{"width":1638,"height":2048,"url":"https:\/\/www.fondation-louisroederer.com\/wp-content\/uploads\/2025\/07\/Portrait_Basu-scaled.jpg","type":"image\/jpeg"}],"twitter_card":"summary_large_image","twitter_misc":{"Est. reading time":"1 minute"},"schema":{"@context":"https:\/\/schema.org","@graph":[{"@type":"WebPage","@id":"https:\/\/www.fondation-louisroederer.com\/en\/artiste\/francois-xavier-gbre\/","url":"https:\/\/www.fondation-louisroederer.com\/en\/artiste\/francois-xavier-gbre\/","name":"Fran\u00e7ois-Xavier Gbr\u00e9 - Fondation Louis Roederer","isPartOf":{"@id":"https:\/\/www.fondation-louisroederer.com\/en\/#website"},"primaryImageOfPage":{"@id":"https:\/\/www.fondation-louisroederer.com\/en\/artiste\/francois-xavier-gbre\/#primaryimage"},"image":{"@id":"https:\/\/www.fondation-louisroederer.com\/en\/artiste\/francois-xavier-gbre\/#primaryimage"},"thumbnailUrl":"https:\/\/www.fondation-louisroederer.com\/wp-content\/uploads\/2025\/07\/Portrait_Basu-scaled.jpg","datePublished":"2025-07-25T09:43:08+00:00","dateModified":"2025-07-25T09:49:28+00:00","breadcrumb":{"@id":"https:\/\/www.fondation-louisroederer.com\/en\/artiste\/francois-xavier-gbre\/#breadcrumb"},"inLanguage":"en-US","potentialAction":[{"@type":"ReadAction","target":["https:\/\/www.fondation-louisroederer.com\/en\/artiste\/francois-xavier-gbre\/"]}]},{"@type":"ImageObject","inLanguage":"en-US","@id":"https:\/\/www.fondation-louisroederer.com\/en\/artiste\/francois-xavier-gbre\/#primaryimage","url":"https:\/\/www.fondation-louisroederer.com\/wp-content\/uploads\/2025\/07\/Portrait_Basu-scaled.jpg","contentUrl":"https:\/\/www.fondation-louisroederer.com\/wp-content\/uploads\/2025\/07\/Portrait_Basu-scaled.jpg","width":1638,"height":2048},{"@type":"BreadcrumbList","@id":"https:\/\/www.fondation-louisroederer.com\/en\/artiste\/francois-xavier-gbre\/#breadcrumb","itemListElement":[{"@type":"ListItem","position":1,"name":"Home","item":"https:\/\/www.fondation-louisroederer.com\/en\/"},{"@type":"ListItem","position":2,"name":"Artistes","item":"https:\/\/www.fondation-louisroederer.com\/artiste\/"},{"@type":"ListItem","position":3,"name":"Fran\u00e7ois-Xavier Gbr\u00e9"}]},{"@type":"WebSite","@id":"https:\/\/www.fondation-louisroederer.com\/en\/#website","url":"https:\/\/www.fondation-louisroederer.com\/en\/","name":"Fondation Louis Roederer","description":"","publisher":{"@id":"https:\/\/www.fondation-louisroederer.com\/en\/#organization"},"potentialAction":[{"@type":"SearchAction","target":{"@type":"EntryPoint","urlTemplate":"https:\/\/www.fondation-louisroederer.com\/en\/?s={search_term_string}"},"query-input":{"@type":"PropertyValueSpecification","valueRequired":true,"valueName":"search_term_string"}}],"inLanguage":"en-US"},{"@type":"Organization","@id":"https:\/\/www.fondation-louisroederer.com\/en\/#organization","name":"Fondation Louis Roederer","url":"https:\/\/www.fondation-louisroederer.com\/en\/","logo":{"@type":"ImageObject","inLanguage":"en-US","@id":"https:\/\/www.fondation-louisroederer.com\/en\/#\/schema\/logo\/image\/","url":"https:\/\/www.fondation-louisroederer.com\/wp-content\/uploads\/2024\/10\/logo.svg","contentUrl":"https:\/\/www.fondation-louisroederer.com\/wp-content\/uploads\/2024\/10\/logo.svg","width":301,"height":72,"caption":"Fondation Louis Roederer"},"image":{"@id":"https:\/\/www.fondation-louisroederer.com\/en\/#\/schema\/logo\/image\/"}}]}},"_links":{"self":[{"href":"https:\/\/www.fondation-louisroederer.com\/en\/wp-json\/wp\/v2\/artiste\/6280","targetHints":{"allow":["GET"]}}],"collection":[{"href":"https:\/\/www.fondation-louisroederer.com\/en\/wp-json\/wp\/v2\/artiste"}],"about":[{"href":"https:\/\/www.fondation-louisroederer.com\/en\/wp-json\/wp\/v2\/types\/artiste"}],"wp:featuredmedia":[{"embeddable":true,"href":"https:\/\/www.fondation-louisroederer.com\/en\/wp-json\/wp\/v2\/media\/6282"}],"wp:attachment":[{"href":"https:\/\/www.fondation-louisroederer.com\/en\/wp-json\/wp\/v2\/media?parent=6280"}],"wp:term":[{"taxonomy":"annee","embeddable":true,"href":"https:\/\/www.fondation-louisroederer.com\/en\/wp-json\/wp\/v2\/annee?post=6280"},{"taxonomy":"domaine","embeddable":true,"href":"https:\/\/www.fondation-louisroederer.com\/en\/wp-json\/wp\/v2\/domaine?post=6280"},{"taxonomy":"pays","embeddable":true,"href":"https:\/\/www.fondation-louisroederer.com\/en\/wp-json\/wp\/v2\/pays?post=6280"},{"taxonomy":"thematique","embeddable":true,"href":"https:\/\/www.fondation-louisroederer.com\/en\/wp-json\/wp\/v2\/thematique?post=6280"}],"curies":[{"name":"wp","href":"https:\/\/api.w.org\/{rel}","templated":true}]}}