{"id":4296,"date":"2025-02-03T11:10:26","date_gmt":"2025-02-03T11:10:26","guid":{"rendered":"https:\/\/www.fondation-louisroederer.com\/home\/"},"modified":"2026-03-09T15:07:50","modified_gmt":"2026-03-09T15:07:50","slug":"home","status":"publish","type":"page","link":"https:\/\/www.fondation-louisroederer.com\/en\/","title":{"rendered":"Home"},"content":{"rendered":"\n\n<section class=\"block-home-actu bg-white pt-small pb-xxl\">\n      <div class=\"container\">\n      <div class=\"layout-pad-x\">\n\n                  <div class=\"layout-block full-layout\">\n                            <div href=\"https:\/\/www.fondation-louisroederer.com\/en\/15-years-of-commitment-to-creativity-and-research\/\" class=\"block-home-actu--inner flex flex-col gap-16 relative box-border instution-actu-first\">\n                                      <div class=\"article-image\">\n                      <img decoding=\"async\" width=\"2000\" height=\"1078\" src=\"https:\/\/www.fondation-louisroederer.com\/wp-content\/uploads\/2026\/03\/Actualites_visuel-15-ans.jpg\" class=\"block\" alt=\"\" srcset=\"https:\/\/www.fondation-louisroederer.com\/wp-content\/uploads\/2026\/03\/Actualites_visuel-15-ans.jpg 2000w, https:\/\/www.fondation-louisroederer.com\/wp-content\/uploads\/2026\/03\/Actualites_visuel-15-ans-300x162.jpg 300w, https:\/\/www.fondation-louisroederer.com\/wp-content\/uploads\/2026\/03\/Actualites_visuel-15-ans-1024x552.jpg 1024w, https:\/\/www.fondation-louisroederer.com\/wp-content\/uploads\/2026\/03\/Actualites_visuel-15-ans-768x414.jpg 768w, https:\/\/www.fondation-louisroederer.com\/wp-content\/uploads\/2026\/03\/Actualites_visuel-15-ans-1536x828.jpg 1536w\" sizes=\"(max-width: 2000px) 100vw, 2000px\" \/>                    <\/div>\n                                    <div class=\"container-instruction bg-white flex flex-col gap-16\">\n                                        <h2 class=\"font-sackers uppercase h2-md m-0 font-light broken-text\">15 years of commitment to creativity and research<\/h2>\n                                                              <p class=\"txt-s-mobile m-0  broken-text\">The year 2026 marks a milestone for the Foundation: its 15th anniversary, the 250th anniversary of its parent company, the 20th anniversary of the Louis Roederer Foundation Research Grant for Photography at the Biblioth\u00e8que nationale de France, and the Bicentenary of photography.<\/p>\n                    \n                    <a href=\"https:\/\/www.fondation-louisroederer.com\/en\/15-years-of-commitment-to-creativity-and-research\/\" target=\"_self\" class=\"button button-light self-start\"><span class=\"text-wrapper\"><span class=\"button-inner\"><svg id=\"voir-plus-icon\" width=\"12\" height=\"12\" viewBox=\"0 0 12 12\" fill=\"none\" xmlns=\"http:\/\/www.w3.org\/2000\/svg\"><path d=\"M5.25 5.25V0.75H6.75V5.25H11.25V6.75H6.75V11.25H5.25V6.75H0.75V5.25H5.25Z\" fill=\"#000\" \/><\/svg><span>Discover<\/span><\/span><span class=\"button-inner\"><svg id=\"voir-plus-icon\" width=\"12\" height=\"12\" viewBox=\"0 0 12 12\" fill=\"none\" xmlns=\"http:\/\/www.w3.org\/2000\/svg\"><path d=\"M5.25 5.25V0.75H6.75V5.25H11.25V6.75H6.75V11.25H5.25V6.75H0.75V5.25H5.25Z\" fill=\"#000\" \/><\/svg><span>Discover<\/span><\/span><\/span><\/a>                  <\/div>\n                <\/div>\n\n                      <\/div>\n                  <div class=\"layout-block col21-layout\">\n                            <div href=\"https:\/\/www.fondation-louisroederer.com\/en\/first-edition-of-the-pichon-comtesse-award\/\" class=\"block-home-actu--inner flex flex-col gap-16 relative box-border \">\n                                      <div class=\"article-image\">\n                      <img decoding=\"async\" width=\"2048\" height=\"1365\" src=\"https:\/\/www.fondation-louisroederer.com\/wp-content\/uploads\/2026\/02\/Acousmonium-by-William-Beaucardet-scaled.jpg\" class=\"block\" alt=\"\" srcset=\"https:\/\/www.fondation-louisroederer.com\/wp-content\/uploads\/2026\/02\/Acousmonium-by-William-Beaucardet-scaled.jpg 2048w, https:\/\/www.fondation-louisroederer.com\/wp-content\/uploads\/2026\/02\/Acousmonium-by-William-Beaucardet-300x200.jpg 300w, https:\/\/www.fondation-louisroederer.com\/wp-content\/uploads\/2026\/02\/Acousmonium-by-William-Beaucardet-1024x683.jpg 1024w, https:\/\/www.fondation-louisroederer.com\/wp-content\/uploads\/2026\/02\/Acousmonium-by-William-Beaucardet-768x512.jpg 768w, https:\/\/www.fondation-louisroederer.com\/wp-content\/uploads\/2026\/02\/Acousmonium-by-William-Beaucardet-1536x1024.jpg 1536w\" sizes=\"(max-width: 2048px) 100vw, 2048px\" \/>                    <\/div>\n                                    <div class=\"container-instruction bg-white flex flex-col gap-16\">\n                                          <p class=\"credit-txt m-0\">\u00a9 Acousmonium by William Beaucardet <\/p>\n                                        <h2 class=\"font-sackers uppercase h2-md m-0 font-light broken-text\">First edition of the Pichon Comtesse Award<\/h2>\n                                        \n                    <a href=\"https:\/\/www.fondation-louisroederer.com\/en\/first-edition-of-the-pichon-comtesse-award\/\" target=\"_self\" class=\"button button-light self-start\"><span class=\"text-wrapper\"><span class=\"button-inner\"><svg id=\"voir-plus-icon\" width=\"12\" height=\"12\" viewBox=\"0 0 12 12\" fill=\"none\" xmlns=\"http:\/\/www.w3.org\/2000\/svg\"><path d=\"M5.25 5.25V0.75H6.75V5.25H11.25V6.75H6.75V11.25H5.25V6.75H0.75V5.25H5.25Z\" fill=\"#000\" \/><\/svg><span>Discover<\/span><\/span><span class=\"button-inner\"><svg id=\"voir-plus-icon\" width=\"12\" height=\"12\" viewBox=\"0 0 12 12\" fill=\"none\" xmlns=\"http:\/\/www.w3.org\/2000\/svg\"><path d=\"M5.25 5.25V0.75H6.75V5.25H11.25V6.75H6.75V11.25H5.25V6.75H0.75V5.25H5.25Z\" fill=\"#000\" \/><\/svg><span>Discover<\/span><\/span><\/span><\/a>                  <\/div>\n                <\/div>\n\n                            <div href=\"https:\/\/www.fondation-louisroederer.com\/en\/prix-decouverte-fondation-louis-roederer-2026\/\" class=\"block-home-actu--inner flex flex-col gap-16 relative box-border \">\n                                      <div class=\"article-image\">\n                      <img decoding=\"async\" width=\"2560\" height=\"1707\" src=\"https:\/\/www.fondation-louisroederer.com\/wp-content\/uploads\/2025\/02\/Le_Corre_Lisa1-scaled.jpg\" class=\"block\" alt=\"fondation-louis-roederer-les-rencontres-d-arles-exposition-copyright-lisa-le-corre\" srcset=\"https:\/\/www.fondation-louisroederer.com\/wp-content\/uploads\/2025\/02\/Le_Corre_Lisa1-scaled.jpg 2560w, https:\/\/www.fondation-louisroederer.com\/wp-content\/uploads\/2025\/02\/Le_Corre_Lisa1-300x200.jpg 300w, https:\/\/www.fondation-louisroederer.com\/wp-content\/uploads\/2025\/02\/Le_Corre_Lisa1-1024x683.jpg 1024w, https:\/\/www.fondation-louisroederer.com\/wp-content\/uploads\/2025\/02\/Le_Corre_Lisa1-768x512.jpg 768w, https:\/\/www.fondation-louisroederer.com\/wp-content\/uploads\/2025\/02\/Le_Corre_Lisa1-1536x1024.jpg 1536w, https:\/\/www.fondation-louisroederer.com\/wp-content\/uploads\/2025\/02\/Le_Corre_Lisa1-2048x1365.jpg 2048w\" sizes=\"(max-width: 2560px) 100vw, 2560px\" \/>                    <\/div>\n                                    <div class=\"container-instruction bg-white flex flex-col gap-16\">\n                                          <p class=\"credit-txt m-0\">\u00a9 Les Rencontres de la Photographie, Arles<\/p>\n                                        <h2 class=\"font-sackers uppercase h2-md m-0 font-light broken-text\">Louis Roederer Foundation Discovery Award 2026<\/h2>\n                                                              <p class=\"txt-s-mobile m-0  broken-text\">The Louis Roederer Foundation Discovery Award is back at the Rencontres de la Photographie d&#8217;Arles 2026, supporting the emergence of new perspectives in photography.<\/p>\n                    \n                    <a href=\"https:\/\/www.fondation-louisroederer.com\/en\/prix-decouverte-fondation-louis-roederer-2026\/\" target=\"_self\" class=\"button button-light self-start\"><span class=\"text-wrapper\"><span class=\"button-inner\"><svg id=\"voir-plus-icon\" width=\"12\" height=\"12\" viewBox=\"0 0 12 12\" fill=\"none\" xmlns=\"http:\/\/www.w3.org\/2000\/svg\"><path d=\"M5.25 5.25V0.75H6.75V5.25H11.25V6.75H6.75V11.25H5.25V6.75H0.75V5.25H5.25Z\" fill=\"#000\" \/><\/svg><span>Discover<\/span><\/span><span class=\"button-inner\"><svg id=\"voir-plus-icon\" width=\"12\" height=\"12\" viewBox=\"0 0 12 12\" fill=\"none\" xmlns=\"http:\/\/www.w3.org\/2000\/svg\"><path d=\"M5.25 5.25V0.75H6.75V5.25H11.25V6.75H6.75V11.25H5.25V6.75H0.75V5.25H5.25Z\" fill=\"#000\" \/><\/svg><span>Discover<\/span><\/span><\/span><\/a>                  <\/div>\n                <\/div>\n\n                      <\/div>\n                  <div class=\"layout-block col22-layout\">\n                            <div href=\"https:\/\/www.fondation-louisroederer.com\/en\/anna-grumbach-louis-roederer-foundation-photography-research-grant-2025\/\" class=\"block-home-actu--inner flex flex-col gap-16 relative box-border \">\n                                      <div class=\"article-image\">\n                      <img decoding=\"async\" width=\"1440\" height=\"900\" src=\"https:\/\/www.fondation-louisroederer.com\/wp-content\/uploads\/2025\/04\/Les-coursives-de-la-salle-Ovale-BnF-Richelieu-\u00a9-Elie-Ludwig_1440x900.jpg\" class=\"block\" alt=\"\" srcset=\"https:\/\/www.fondation-louisroederer.com\/wp-content\/uploads\/2025\/04\/Les-coursives-de-la-salle-Ovale-BnF-Richelieu-\u00a9-Elie-Ludwig_1440x900.jpg 1440w, https:\/\/www.fondation-louisroederer.com\/wp-content\/uploads\/2025\/04\/Les-coursives-de-la-salle-Ovale-BnF-Richelieu-\u00a9-Elie-Ludwig_1440x900-300x188.jpg 300w, https:\/\/www.fondation-louisroederer.com\/wp-content\/uploads\/2025\/04\/Les-coursives-de-la-salle-Ovale-BnF-Richelieu-\u00a9-Elie-Ludwig_1440x900-1024x640.jpg 1024w, https:\/\/www.fondation-louisroederer.com\/wp-content\/uploads\/2025\/04\/Les-coursives-de-la-salle-Ovale-BnF-Richelieu-\u00a9-Elie-Ludwig_1440x900-768x480.jpg 768w\" sizes=\"(max-width: 1440px) 100vw, 1440px\" \/>                    <\/div>\n                                    <div class=\"container-instruction bg-white flex flex-col gap-16\">\n                                          <p class=\"credit-txt m-0\">Les coursives de la salle Ovale BnF Richelieu \u00a9 Elie Ludwig<\/p>\n                                        <h2 class=\"font-sackers uppercase h2-md m-0 font-light broken-text\">Anna Grumbach, winner of the Louis Roederer Foundation Photography Research Grant 2025<\/h2>\n                                          <p class=\"txt-s-mobile m-0 uppercase\">16\/12\/2025<\/p>\n                                                              <p class=\"txt-s-mobile m-0  broken-text\">Last night, at the opening of the exhibition Photographie \u00e0 tout Prix, Anna Grumbach was honoured for her research project: Trajectories of an overlooked generation: French \u2018young photography\u2019 in the contemporary collections of the BnF (1967-1982).<\/p>\n                    \n                    <a href=\"https:\/\/www.fondation-louisroederer.com\/en\/anna-grumbach-louis-roederer-foundation-photography-research-grant-2025\/\" target=\"_self\" class=\"button button-light self-start\"><span class=\"text-wrapper\"><span class=\"button-inner\"><svg id=\"voir-plus-icon\" width=\"12\" height=\"12\" viewBox=\"0 0 12 12\" fill=\"none\" xmlns=\"http:\/\/www.w3.org\/2000\/svg\"><path d=\"M5.25 5.25V0.75H6.75V5.25H11.25V6.75H6.75V11.25H5.25V6.75H0.75V5.25H5.25Z\" fill=\"#000\" \/><\/svg><span>Discover<\/span><\/span><span class=\"button-inner\"><svg id=\"voir-plus-icon\" width=\"12\" height=\"12\" viewBox=\"0 0 12 12\" fill=\"none\" xmlns=\"http:\/\/www.w3.org\/2000\/svg\"><path d=\"M5.25 5.25V0.75H6.75V5.25H11.25V6.75H6.75V11.25H5.25V6.75H0.75V5.25H5.25Z\" fill=\"#000\" \/><\/svg><span>Discover<\/span><\/span><\/span><\/a>                  <\/div>\n                <\/div>\n\n                            <div href=\"https:\/\/www.fondation-louisroederer.com\/en\/villa-medicis-louis-roederer-foundation-production-grants-2025-winners\/\" class=\"block-home-actu--inner flex flex-col gap-16 relative box-border \">\n                                      <div class=\"article-image\">\n                      <img decoding=\"async\" width=\"1332\" height=\"601\" src=\"https:\/\/www.fondation-louisroederer.com\/wp-content\/uploads\/2025\/09\/Capture-decran-2025-09-29-160543.png\" class=\"block\" alt=\"\" srcset=\"https:\/\/www.fondation-louisroederer.com\/wp-content\/uploads\/2025\/09\/Capture-decran-2025-09-29-160543.png 1332w, https:\/\/www.fondation-louisroederer.com\/wp-content\/uploads\/2025\/09\/Capture-decran-2025-09-29-160543-300x135.png 300w, https:\/\/www.fondation-louisroederer.com\/wp-content\/uploads\/2025\/09\/Capture-decran-2025-09-29-160543-1024x462.png 1024w, https:\/\/www.fondation-louisroederer.com\/wp-content\/uploads\/2025\/09\/Capture-decran-2025-09-29-160543-768x347.png 768w\" sizes=\"(max-width: 1332px) 100vw, 1332px\" \/>                    <\/div>\n                                    <div class=\"container-instruction bg-white flex flex-col gap-16\">\n                                          <p class=\"credit-txt m-0\">\u00a9 Daniele Molajoli<\/p>\n                                        <h2 class=\"font-sackers uppercase h2-md m-0 font-light broken-text\">Villa Medici x Louis Roederer\u00a0Foundation Production Grants: 2025 winners<\/h2>\n                                          <p class=\"txt-s-mobile m-0 uppercase\">29\/09\/2025 &#8211; Rome<\/p>\n                                                              <p class=\"txt-s-mobile m-0  broken-text\">Since 2024, the Louis Roederer Foundation has been selecting and supporting two co-production projects each year as part of the Villa Medici x Louis Roederer Foundation Production Grants: one artistic project and one research project.<\/p>\n                    \n                    <a href=\"https:\/\/www.fondation-louisroederer.com\/en\/villa-medicis-louis-roederer-foundation-production-grants-2025-winners\/\" target=\"_self\" class=\"button button-light self-start\"><span class=\"text-wrapper\"><span class=\"button-inner\"><svg id=\"voir-plus-icon\" width=\"12\" height=\"12\" viewBox=\"0 0 12 12\" fill=\"none\" xmlns=\"http:\/\/www.w3.org\/2000\/svg\"><path d=\"M5.25 5.25V0.75H6.75V5.25H11.25V6.75H6.75V11.25H5.25V6.75H0.75V5.25H5.25Z\" fill=\"#000\" \/><\/svg><span>Discover<\/span><\/span><span class=\"button-inner\"><svg id=\"voir-plus-icon\" width=\"12\" height=\"12\" viewBox=\"0 0 12 12\" fill=\"none\" xmlns=\"http:\/\/www.w3.org\/2000\/svg\"><path d=\"M5.25 5.25V0.75H6.75V5.25H11.25V6.75H6.75V11.25H5.25V6.75H0.75V5.25H5.25Z\" fill=\"#000\" \/><\/svg><span>Discover<\/span><\/span><\/span><\/a>                  <\/div>\n                <\/div>\n\n                      <\/div>\n                  <div class=\"layout-block col21-layout\">\n                            <div href=\"https:\/\/www.fondation-louisroederer.com\/en\/la-semaine-de-la-critique-theodore-pellerin-laureat-du-prix-revelation-fondation-louis-roederer-2025\/\" class=\"block-home-actu--inner flex flex-col gap-16 relative box-border \">\n                                      <div class=\"article-image\">\n                      <img decoding=\"async\" width=\"2048\" height=\"1107\" src=\"https:\/\/www.fondation-louisroederer.com\/wp-content\/uploads\/2025\/05\/Extrait-du-film-Nino-1-scaled.jpeg\" class=\"block\" alt=\"fondation-louis-roederer-banner-film-nino\" srcset=\"https:\/\/www.fondation-louisroederer.com\/wp-content\/uploads\/2025\/05\/Extrait-du-film-Nino-1-scaled.jpeg 2048w, https:\/\/www.fondation-louisroederer.com\/wp-content\/uploads\/2025\/05\/Extrait-du-film-Nino-1-300x162.jpeg 300w, https:\/\/www.fondation-louisroederer.com\/wp-content\/uploads\/2025\/05\/Extrait-du-film-Nino-1-1024x554.jpeg 1024w, https:\/\/www.fondation-louisroederer.com\/wp-content\/uploads\/2025\/05\/Extrait-du-film-Nino-1-768x415.jpeg 768w, https:\/\/www.fondation-louisroederer.com\/wp-content\/uploads\/2025\/05\/Extrait-du-film-Nino-1-1536x830.jpeg 1536w\" sizes=\"(max-width: 2048px) 100vw, 2048px\" \/>                    <\/div>\n                                    <div class=\"container-instruction bg-white flex flex-col gap-16\">\n                                        <h2 class=\"font-sackers uppercase h2-md m-0 font-light broken-text\">La Semaine de la Critique : Th\u00e9odore Pellerin, winner of the Louis Roederer Rising Star Award 2025<\/h2>\n                                          <p class=\"txt-s-mobile m-0 uppercase\">22\/05\/2024 &#8211; Cannes<\/p>\n                                                              <p class=\"txt-s-mobile m-0  broken-text\">Th\u00e9odore Pellerin, laur\u00e9at du Prix R\u00e9v\u00e9lation Fondation Louis Roederer 2025<\/p>\n                    \n                    <a href=\"https:\/\/www.fondation-louisroederer.com\/en\/la-semaine-de-la-critique-theodore-pellerin-laureat-du-prix-revelation-fondation-louis-roederer-2025\/\" target=\"_self\" class=\"button button-light self-start\"><span class=\"text-wrapper\"><span class=\"button-inner\"><svg id=\"voir-plus-icon\" width=\"12\" height=\"12\" viewBox=\"0 0 12 12\" fill=\"none\" xmlns=\"http:\/\/www.w3.org\/2000\/svg\"><path d=\"M5.25 5.25V0.75H6.75V5.25H11.25V6.75H6.75V11.25H5.25V6.75H0.75V5.25H5.25Z\" fill=\"#000\" \/><\/svg><span>Discover<\/span><\/span><span class=\"button-inner\"><svg id=\"voir-plus-icon\" width=\"12\" height=\"12\" viewBox=\"0 0 12 12\" fill=\"none\" xmlns=\"http:\/\/www.w3.org\/2000\/svg\"><path d=\"M5.25 5.25V0.75H6.75V5.25H11.25V6.75H6.75V11.25H5.25V6.75H0.75V5.25H5.25Z\" fill=\"#000\" \/><\/svg><span>Discover<\/span><\/span><\/span><\/a>                  <\/div>\n                <\/div>\n\n                            <div href=\"https:\/\/www.fondation-louisroederer.com\/en\/louis-roederer-foundation-discovery-award-2025\/\" class=\"block-home-actu--inner flex flex-col gap-16 relative box-border \">\n                                      <div class=\"article-image\">\n                      <img decoding=\"async\" width=\"2048\" height=\"1365\" src=\"https:\/\/www.fondation-louisroederer.com\/wp-content\/uploads\/2025\/07\/2025-AGUI-05-scaled.jpg\" class=\"block\" alt=\"\" srcset=\"https:\/\/www.fondation-louisroederer.com\/wp-content\/uploads\/2025\/07\/2025-AGUI-05-scaled.jpg 2048w, https:\/\/www.fondation-louisroederer.com\/wp-content\/uploads\/2025\/07\/2025-AGUI-05-300x200.jpg 300w, https:\/\/www.fondation-louisroederer.com\/wp-content\/uploads\/2025\/07\/2025-AGUI-05-1024x683.jpg 1024w, https:\/\/www.fondation-louisroederer.com\/wp-content\/uploads\/2025\/07\/2025-AGUI-05-768x512.jpg 768w, https:\/\/www.fondation-louisroederer.com\/wp-content\/uploads\/2025\/07\/2025-AGUI-05-1536x1024.jpg 1536w\" sizes=\"(max-width: 2048px) 100vw, 2048px\" \/>                    <\/div>\n                                    <div class=\"container-instruction bg-white flex flex-col gap-16\">\n                                          <p class=\"credit-txt m-0\">\u00a9 Eulalie Pernelet<\/p>\n                                        <h2 class=\"font-sackers uppercase h2-md m-0 font-light broken-text\">Winners of the Louis Roederer Foundation Discovery Award 2025<\/h2>\n                                          <p class=\"txt-s-mobile m-0 uppercase\">11\/07\/2025 &#8211; Arles<\/p>\n                                                              <p class=\"txt-s-mobile m-0  broken-text\">The Louis Roederer Foundation has been supporting the Rencontres de la photographie in Arles for more than seven years, and fervently shares the festival\u2019s desire to promote photography and those involved in it. The Louis Roederer Foundation Discovery Award is the symbol of this shared commitment.<\/p>\n                    \n                    <a href=\"https:\/\/www.fondation-louisroederer.com\/en\/louis-roederer-foundation-discovery-award-2025\/\" target=\"_self\" class=\"button button-light self-start\"><span class=\"text-wrapper\"><span class=\"button-inner\"><svg id=\"voir-plus-icon\" width=\"12\" height=\"12\" viewBox=\"0 0 12 12\" fill=\"none\" xmlns=\"http:\/\/www.w3.org\/2000\/svg\"><path d=\"M5.25 5.25V0.75H6.75V5.25H11.25V6.75H6.75V11.25H5.25V6.75H0.75V5.25H5.25Z\" fill=\"#000\" \/><\/svg><span>Discover<\/span><\/span><span class=\"button-inner\"><svg id=\"voir-plus-icon\" width=\"12\" height=\"12\" viewBox=\"0 0 12 12\" fill=\"none\" xmlns=\"http:\/\/www.w3.org\/2000\/svg\"><path d=\"M5.25 5.25V0.75H6.75V5.25H11.25V6.75H6.75V11.25H5.25V6.75H0.75V5.25H5.25Z\" fill=\"#000\" \/><\/svg><span>Discover<\/span><\/span><\/span><\/a>                  <\/div>\n                <\/div>\n\n                      <\/div>\n              <\/div>\n              <div class=\"flex justify-center\">\n      <a href=\"https:\/\/www.fondation-louisroederer.com\/en\/actualites\/\" target=\"_self\" class=\"button button-dark\"><span class=\"text-wrapper\"><span class=\"button-inner\"><span>See all news<\/span><\/span><span class=\"button-inner\"><span>See all news<\/span><\/span><\/span><\/a>    <\/div>\n    <\/div>\n\n<\/section>\n\n\n<p><\/p>\n","protected":false},"excerpt":{"rendered":"","protected":false},"author":6,"featured_media":821,"parent":0,"menu_order":0,"comment_status":"closed","ping_status":"closed","template":"","meta":{"_acf_changed":false,"footnotes":""},"class_list":["post-4296","page","type-page","status-publish","has-post-thumbnail","hentry"],"acf":[],"yoast_head":"<!-- This site is optimized with the Yoast SEO plugin v26.9 - https:\/\/yoast.com\/product\/yoast-seo-wordpress\/ -->\n<title>Home - Fondation Louis Roederer<\/title>\n<meta name=\"robots\" content=\"index, follow, max-snippet:-1, max-image-preview:large, max-video-preview:-1\" \/>\n<link rel=\"canonical\" href=\"https:\/\/www.fondation-louisroederer.com\/en\/\" \/>\n<meta property=\"og:locale\" content=\"en_US\" \/>\n<meta property=\"og:type\" content=\"article\" \/>\n<meta property=\"og:title\" content=\"Home - Fondation Louis Roederer\" \/>\n<meta property=\"og:url\" content=\"https:\/\/www.fondation-louisroederer.com\/en\/\" \/>\n<meta property=\"og:site_name\" content=\"Fondation Louis Roederer\" \/>\n<meta property=\"article:modified_time\" content=\"2026-03-09T15:07:50+00:00\" \/>\n<meta property=\"og:image\" content=\"https:\/\/www.fondation-louisroederer.com\/wp-content\/uploads\/2024\/10\/Fondation-Louis-Roederer-\u00a9-Ana-Elisa-Sotelo-Sadith-Silvano-Portraits-of-the-Multiverse-2-scaled.jpg\" \/>\n\t<meta property=\"og:image:width\" content=\"2048\" \/>\n\t<meta property=\"og:image:height\" content=\"1338\" \/>\n\t<meta property=\"og:image:type\" content=\"image\/jpeg\" \/>\n<meta name=\"twitter:card\" content=\"summary_large_image\" \/>\n<meta name=\"twitter:label1\" content=\"Est. reading time\" \/>\n\t<meta name=\"twitter:data1\" content=\"1 minute\" \/>\n<script type=\"application\/ld+json\" class=\"yoast-schema-graph\">{\"@context\":\"https:\/\/schema.org\",\"@graph\":[{\"@type\":\"WebPage\",\"@id\":\"https:\/\/www.fondation-louisroederer.com\/en\/\",\"url\":\"https:\/\/www.fondation-louisroederer.com\/en\/\",\"name\":\"Home - Fondation Louis Roederer\",\"isPartOf\":{\"@id\":\"https:\/\/www.fondation-louisroederer.com\/en\/#website\"},\"primaryImageOfPage\":{\"@id\":\"https:\/\/www.fondation-louisroederer.com\/en\/#primaryimage\"},\"image\":{\"@id\":\"https:\/\/www.fondation-louisroederer.com\/en\/#primaryimage\"},\"thumbnailUrl\":\"https:\/\/www.fondation-louisroederer.com\/wp-content\/uploads\/2024\/10\/Fondation-Louis-Roederer-\u00a9-Ana-Elisa-Sotelo-Sadith-Silvano-Portraits-of-the-Multiverse-2-scaled.jpg\",\"datePublished\":\"2025-02-03T11:10:26+00:00\",\"dateModified\":\"2026-03-09T15:07:50+00:00\",\"breadcrumb\":{\"@id\":\"https:\/\/www.fondation-louisroederer.com\/en\/#breadcrumb\"},\"inLanguage\":\"en-US\",\"potentialAction\":[{\"@type\":\"ReadAction\",\"target\":[\"https:\/\/www.fondation-louisroederer.com\/en\/\"]}]},{\"@type\":\"ImageObject\",\"inLanguage\":\"en-US\",\"@id\":\"https:\/\/www.fondation-louisroederer.com\/en\/#primaryimage\",\"url\":\"https:\/\/www.fondation-louisroederer.com\/wp-content\/uploads\/2024\/10\/Fondation-Louis-Roederer-\u00a9-Ana-Elisa-Sotelo-Sadith-Silvano-Portraits-of-the-Multiverse-2-scaled.jpg\",\"contentUrl\":\"https:\/\/www.fondation-louisroederer.com\/wp-content\/uploads\/2024\/10\/Fondation-Louis-Roederer-\u00a9-Ana-Elisa-Sotelo-Sadith-Silvano-Portraits-of-the-Multiverse-2-scaled.jpg\",\"width\":2048,\"height\":1338,\"caption\":\"Fondation Louis Roederer \u00a9 Ana Elisa Sotelo & Sadith Silvano, Portraits of the Multiverse -2\"},{\"@type\":\"BreadcrumbList\",\"@id\":\"https:\/\/www.fondation-louisroederer.com\/en\/#breadcrumb\",\"itemListElement\":[{\"@type\":\"ListItem\",\"position\":1,\"name\":\"Home\",\"item\":\"https:\/\/www.fondation-louisroederer.com\/en\/\"},{\"@type\":\"ListItem\",\"position\":2,\"name\":\"Home\"}]},{\"@type\":\"WebSite\",\"@id\":\"https:\/\/www.fondation-louisroederer.com\/en\/#website\",\"url\":\"https:\/\/www.fondation-louisroederer.com\/en\/\",\"name\":\"Fondation Louis Roederer\",\"description\":\"\",\"publisher\":{\"@id\":\"https:\/\/www.fondation-louisroederer.com\/en\/#organization\"},\"potentialAction\":[{\"@type\":\"SearchAction\",\"target\":{\"@type\":\"EntryPoint\",\"urlTemplate\":\"https:\/\/www.fondation-louisroederer.com\/en\/?s={search_term_string}\"},\"query-input\":{\"@type\":\"PropertyValueSpecification\",\"valueRequired\":true,\"valueName\":\"search_term_string\"}}],\"inLanguage\":\"en-US\"},{\"@type\":\"Organization\",\"@id\":\"https:\/\/www.fondation-louisroederer.com\/en\/#organization\",\"name\":\"Fondation Louis Roederer\",\"url\":\"https:\/\/www.fondation-louisroederer.com\/en\/\",\"logo\":{\"@type\":\"ImageObject\",\"inLanguage\":\"en-US\",\"@id\":\"https:\/\/www.fondation-louisroederer.com\/en\/#\/schema\/logo\/image\/\",\"url\":\"https:\/\/www.fondation-louisroederer.com\/wp-content\/uploads\/2024\/10\/logo.svg\",\"contentUrl\":\"https:\/\/www.fondation-louisroederer.com\/wp-content\/uploads\/2024\/10\/logo.svg\",\"width\":301,\"height\":72,\"caption\":\"Fondation Louis Roederer\"},\"image\":{\"@id\":\"https:\/\/www.fondation-louisroederer.com\/en\/#\/schema\/logo\/image\/\"}}]}<\/script>\n<!-- \/ Yoast SEO plugin. -->","yoast_head_json":{"title":"Home - Fondation Louis Roederer","robots":{"index":"index","follow":"follow","max-snippet":"max-snippet:-1","max-image-preview":"max-image-preview:large","max-video-preview":"max-video-preview:-1"},"canonical":"https:\/\/www.fondation-louisroederer.com\/en\/","og_locale":"en_US","og_type":"article","og_title":"Home - Fondation Louis Roederer","og_url":"https:\/\/www.fondation-louisroederer.com\/en\/","og_site_name":"Fondation Louis Roederer","article_modified_time":"2026-03-09T15:07:50+00:00","og_image":[{"width":2048,"height":1338,"url":"https:\/\/www.fondation-louisroederer.com\/wp-content\/uploads\/2024\/10\/Fondation-Louis-Roederer-\u00a9-Ana-Elisa-Sotelo-Sadith-Silvano-Portraits-of-the-Multiverse-2-scaled.jpg","type":"image\/jpeg"}],"twitter_card":"summary_large_image","twitter_misc":{"Est. reading time":"1 minute"},"schema":{"@context":"https:\/\/schema.org","@graph":[{"@type":"WebPage","@id":"https:\/\/www.fondation-louisroederer.com\/en\/","url":"https:\/\/www.fondation-louisroederer.com\/en\/","name":"Home - Fondation Louis Roederer","isPartOf":{"@id":"https:\/\/www.fondation-louisroederer.com\/en\/#website"},"primaryImageOfPage":{"@id":"https:\/\/www.fondation-louisroederer.com\/en\/#primaryimage"},"image":{"@id":"https:\/\/www.fondation-louisroederer.com\/en\/#primaryimage"},"thumbnailUrl":"https:\/\/www.fondation-louisroederer.com\/wp-content\/uploads\/2024\/10\/Fondation-Louis-Roederer-\u00a9-Ana-Elisa-Sotelo-Sadith-Silvano-Portraits-of-the-Multiverse-2-scaled.jpg","datePublished":"2025-02-03T11:10:26+00:00","dateModified":"2026-03-09T15:07:50+00:00","breadcrumb":{"@id":"https:\/\/www.fondation-louisroederer.com\/en\/#breadcrumb"},"inLanguage":"en-US","potentialAction":[{"@type":"ReadAction","target":["https:\/\/www.fondation-louisroederer.com\/en\/"]}]},{"@type":"ImageObject","inLanguage":"en-US","@id":"https:\/\/www.fondation-louisroederer.com\/en\/#primaryimage","url":"https:\/\/www.fondation-louisroederer.com\/wp-content\/uploads\/2024\/10\/Fondation-Louis-Roederer-\u00a9-Ana-Elisa-Sotelo-Sadith-Silvano-Portraits-of-the-Multiverse-2-scaled.jpg","contentUrl":"https:\/\/www.fondation-louisroederer.com\/wp-content\/uploads\/2024\/10\/Fondation-Louis-Roederer-\u00a9-Ana-Elisa-Sotelo-Sadith-Silvano-Portraits-of-the-Multiverse-2-scaled.jpg","width":2048,"height":1338,"caption":"Fondation Louis Roederer \u00a9 Ana Elisa Sotelo & Sadith Silvano, Portraits of the Multiverse -2"},{"@type":"BreadcrumbList","@id":"https:\/\/www.fondation-louisroederer.com\/en\/#breadcrumb","itemListElement":[{"@type":"ListItem","position":1,"name":"Home","item":"https:\/\/www.fondation-louisroederer.com\/en\/"},{"@type":"ListItem","position":2,"name":"Home"}]},{"@type":"WebSite","@id":"https:\/\/www.fondation-louisroederer.com\/en\/#website","url":"https:\/\/www.fondation-louisroederer.com\/en\/","name":"Fondation Louis Roederer","description":"","publisher":{"@id":"https:\/\/www.fondation-louisroederer.com\/en\/#organization"},"potentialAction":[{"@type":"SearchAction","target":{"@type":"EntryPoint","urlTemplate":"https:\/\/www.fondation-louisroederer.com\/en\/?s={search_term_string}"},"query-input":{"@type":"PropertyValueSpecification","valueRequired":true,"valueName":"search_term_string"}}],"inLanguage":"en-US"},{"@type":"Organization","@id":"https:\/\/www.fondation-louisroederer.com\/en\/#organization","name":"Fondation Louis Roederer","url":"https:\/\/www.fondation-louisroederer.com\/en\/","logo":{"@type":"ImageObject","inLanguage":"en-US","@id":"https:\/\/www.fondation-louisroederer.com\/en\/#\/schema\/logo\/image\/","url":"https:\/\/www.fondation-louisroederer.com\/wp-content\/uploads\/2024\/10\/logo.svg","contentUrl":"https:\/\/www.fondation-louisroederer.com\/wp-content\/uploads\/2024\/10\/logo.svg","width":301,"height":72,"caption":"Fondation Louis Roederer"},"image":{"@id":"https:\/\/www.fondation-louisroederer.com\/en\/#\/schema\/logo\/image\/"}}]}},"_links":{"self":[{"href":"https:\/\/www.fondation-louisroederer.com\/en\/wp-json\/wp\/v2\/pages\/4296","targetHints":{"allow":["GET"]}}],"collection":[{"href":"https:\/\/www.fondation-louisroederer.com\/en\/wp-json\/wp\/v2\/pages"}],"about":[{"href":"https:\/\/www.fondation-louisroederer.com\/en\/wp-json\/wp\/v2\/types\/page"}],"author":[{"embeddable":true,"href":"https:\/\/www.fondation-louisroederer.com\/en\/wp-json\/wp\/v2\/users\/6"}],"replies":[{"embeddable":true,"href":"https:\/\/www.fondation-louisroederer.com\/en\/wp-json\/wp\/v2\/comments?post=4296"}],"version-history":[{"count":18,"href":"https:\/\/www.fondation-louisroederer.com\/en\/wp-json\/wp\/v2\/pages\/4296\/revisions"}],"predecessor-version":[{"id":7157,"href":"https:\/\/www.fondation-louisroederer.com\/en\/wp-json\/wp\/v2\/pages\/4296\/revisions\/7157"}],"wp:featuredmedia":[{"embeddable":true,"href":"https:\/\/www.fondation-louisroederer.com\/en\/wp-json\/wp\/v2\/media\/821"}],"wp:attachment":[{"href":"https:\/\/www.fondation-louisroederer.com\/en\/wp-json\/wp\/v2\/media?parent=4296"}],"curies":[{"name":"wp","href":"https:\/\/api.w.org\/{rel}","templated":true}]}}